{"id":490,"date":"2019-02-25T12:14:31","date_gmt":"2019-02-25T12:14:31","guid":{"rendered":"https:\/\/web.ifix.at\/willkommen\/?page_id=490"},"modified":"2019-02-25T12:14:31","modified_gmt":"2019-02-25T12:14:31","slug":"iphone-8-plus-reparatur","status":"publish","type":"page","link":"https:\/\/web.ifix.at\/de\/iphone-8-plus-reparatur","title":{"rendered":"iPhone 8 Plus"},"content":{"rendered":"\n<div class=\"wp-block-columns has-2-columns is-layout-flex wp-container-core-columns-is-layout-9d6595d7 wp-block-columns-is-layout-flex\">\n<div class=\"wp-block-column is-layout-flow wp-block-column-is-layout-flow\">\n<h2 class=\"wp-block-heading\">iPhone 8 Plus Reparatur<\/h2>\n\n\n\n<p>Das iPhone 8 Plus besitzt eine gr\u00f6\u00dfere Bildschirmdiagonale von 5,5\u2033, mit der Full-HD-Aufl\u00f6sung 1920&nbsp;\u00d7&nbsp;1080 Pixel (entspricht 401&nbsp;ppi).<\/p>\n\n\n\n<p>Die Geh\u00e4useabmessungen (H&nbsp;\u00d7&nbsp;B&nbsp;\u00d7&nbsp;T) betragen 158,4&nbsp;mm&nbsp;\u00d7 78,1&nbsp;mm&nbsp;\u00d7 7,5&nbsp;mm.<\/p>\n\n\n\n<p>Es verf\u00fcgt \u00fcber 3 Gigabyte RAM.<\/p>\n\n\n\n<p>Die Akkulaufzeit ist l\u00e4nger als beim iPhone 8. Nach Angaben von  <a href=\"http:\/\/www.apple.at\">Apple <\/a>betr\u00e4gt sie bis zu 21 Stunden Gespr\u00e4chsdauer (im 3G-Netz), sowie  bis zu 13 Stunden Internetnutzung (3G oder LTE). Der Akku hat eine  Kapazit\u00e4t von 2691&nbsp;mAh bei 3,82&nbsp;V.<\/p>\n\n\n\n<p>Das iPhone 8 Plus verf\u00fcgt \u00fcber eine zweite Teleobjektiv-Kamera (auch Dualkamera genannt), welche auch Portr\u00e4tfotos mit unscharfem Hintergrund erm\u00f6glicht .<\/p>\n\n\n<\/div>\n\n\n\n<div class=\"wp-block-column is-layout-flow wp-block-column-is-layout-flow\">\n<figure class=\"wp-block-image\"><img decoding=\"async\" src=\"https:\/\/web.ifix.at\/wp-content\/uploads\/2019\/02\/iphone-8-plus-64-gb-smartphone-apple-1.png\" alt=\"iPhone 8 Plus Reparatur\" class=\"wp-image-496\"\/><\/figure>\n<\/div>\n<\/div>\n\n\n\n\n\n<div class=\"wp-block-columns has-3-columns is-layout-flex wp-container-core-columns-is-layout-9d6595d7 wp-block-columns-is-layout-flex\">\n<div class=\"wp-block-column is-layout-flow wp-block-column-is-layout-flow\">\n<div class=\"wp-block-image\"><figure class=\"aligncenter\"><a href=\"https:\/\/web.ifix.at\/iphone-8-plus-displaytausch\/\"><img decoding=\"async\" src=\"https:\/\/web.ifix.at\/wp-content\/uploads\/2019\/06\/iphone-display-tausch.png\" alt=\"iPhone 6 Display tauschen\" class=\"wp-image-2375\"\/><\/a><figcaption><a href=\"https:\/\/web.ifix.at\/iphone-8-plus-displaytausch\/\">Display<\/a><\/figcaption><\/figure><\/div>\n<\/div>\n\n\n\n<div class=\"wp-block-column is-layout-flow wp-block-column-is-layout-flow\">\n<div class=\"wp-block-image\"><figure class=\"aligncenter\"><a href=\"https:\/\/web.ifix.at\/iphone-8-plus-akkutausch\/\"><img decoding=\"async\" src=\"https:\/\/web.ifix.at\/wp-content\/uploads\/2019\/06\/iphone-akku-tausch.png\" alt=\"iphone-akku-tausch\" class=\"wp-image-2458\"\/><\/a><figcaption><a href=\"https:\/\/web.ifix.at\/iphone-xs-max-akkutausch-2\/\">A<\/a><a href=\"https:\/\/web.ifix.at\/iphone-8-plus-akkutausch\/\">k<\/a><a href=\"https:\/\/web.ifix.at\/iphone-xs-max-akkutausch-2\/\">ku<\/a><\/figcaption><\/figure><\/div>\n<\/div>\n\n\n\n<div class=\"wp-block-column is-layout-flow wp-block-column-is-layout-flow\">\n<div class=\"wp-block-image\"><figure class=\"aligncenter\"><a href=\"https:\/\/web.ifix.at\/iphone-8-plus-ladestecker-reparatur\/\"><img decoding=\"async\" src=\"https:\/\/web.ifix.at\/wp-content\/uploads\/2019\/06\/iphone-ladestecker-reparatur.png\" alt=\"iPhone 6 Ladestecker Reparatur\" class=\"wp-image-2495\"\/><\/a><figcaption><a href=\"https:\/\/web.ifix.at\/iphone-8-plus-ladestecker-reparatur\/\">Ladestecker<\/a><\/figcaption><\/figure><\/div>\n\n\n\n<p><\/p>\n<\/div>\n<\/div>\n\n\n\n<div class=\"wp-block-columns has-3-columns is-layout-flex wp-container-core-columns-is-layout-9d6595d7 wp-block-columns-is-layout-flex\">\n<div class=\"wp-block-column is-layout-flow wp-block-column-is-layout-flow\">\n<div class=\"wp-block-image\"><figure class=\"aligncenter\"><a href=\"https:\/\/web.ifix.at\/iphone-8-plus-hoermuschel-tauschen\/\"><img decoding=\"async\" src=\"https:\/\/web.ifix.at\/wp-content\/uploads\/2019\/06\/iphone-hoermuschel-reparatur.png\" alt=\"iphone 6-hoermuschel-tauschen\" class=\"wp-image-2503\"\/><\/a><figcaption><a href=\"https:\/\/web.ifix.at\/iphone-8-plus-hoermuschel-tauschen\/\">H\u00f6rmuschel<\/a><\/figcaption><\/figure><\/div>\n<\/div>\n\n\n\n<div class=\"wp-block-column is-layout-flow wp-block-column-is-layout-flow\">\n<div class=\"wp-block-image\"><figure class=\"aligncenter\"><a href=\"https:\/\/web.ifix.at\/iphone-8-plus-frontkamera-tauschen\/\"><img decoding=\"async\" src=\"https:\/\/web.ifix.at\/wp-content\/uploads\/2019\/06\/iphone-frontkamera-reparatur.png\" alt=\"\" class=\"wp-image-2508\"\/><\/a><figcaption><a href=\"https:\/\/web.ifix.at\/iphone-8-plus-frontkamera-tauschen\/\">Frontkamera<\/a><\/figcaption><\/figure><\/div>\n\n\n\n<p><\/p>\n<\/div>\n\n\n\n<div class=\"wp-block-column is-layout-flow wp-block-column-is-layout-flow\">\n<div class=\"wp-block-image\"><figure class=\"aligncenter\"><a href=\"https:\/\/web.ifix.at\/iphone-8-plus-kameratausch\/\"><img decoding=\"async\" src=\"https:\/\/web.ifix.at\/wp-content\/uploads\/2019\/06\/iphone-ruckkamera-reparatur.png\" alt=\"iPhone 6 Kamera tauschen\" class=\"wp-image-2511\"\/><\/a><figcaption><a href=\"https:\/\/web.ifix.at\/iphone-8-plus-kameratausch\/\">Kamera<\/a><\/figcaption><\/figure><\/div>\n<\/div>\n<\/div>\n\n\n\n\n<p>[supsystic-price-table id=12]<\/p>\n\n\n\n<hr class=\"wp-block-separator\"\/>\n\n\n\n<p align=\"center\"><a href=\"contact\">Kontaktieren Sie uns<\/a> f\u00fcr mehr Informationen.<\/p>\n\n\n\n<hr class=\"wp-block-separator\"\/>\n\n\n\n<div class=\"wp-block-columns has-3-columns is-layout-flex wp-container-core-columns-is-layout-9d6595d7 wp-block-columns-is-layout-flex\">\n<div class=\"wp-block-column is-layout-flow wp-block-column-is-layout-flow\">\n<div class=\"wp-block-image\"><figure class=\"aligncenter\"><img decoding=\"async\" src=\"https:\/\/web.ifix.at\/wp-content\/uploads\/2019\/02\/oem-1.png\" alt=\"oem\" class=\"wp-image-482\"\/><\/figure><\/div>\n\n\n\n<h5 class=\"wp-block-heading\" style=\"text-align:center\">ORIGINALQUALIT\u00c4T<\/h5>\n\n\n\n<hr class=\"wp-block-separator\"\/>\n\n\n\n<p>Wir verwenden nur fabrikneue und originalqualit\u00e4t \nErsatzteile f\u00fcr unsere Reparaturen. Darunter Garantie auf alle \nReparaturen und Ersatzteile.<\/p>\n<\/div>\n\n\n\n<div class=\"wp-block-column is-layout-flow wp-block-column-is-layout-flow\">\n<div class=\"wp-block-image\"><figure class=\"aligncenter\"><img decoding=\"async\" src=\"https:\/\/web.ifix.at\/wp-content\/uploads\/2019\/02\/express-1.png\" alt=\"iFix.at - iPhone und iPad Reparatur Service\" class=\"wp-image-483\"\/><\/figure><\/div>\n\n\n\n<h5 class=\"wp-block-heading\" style=\"text-align:center\">EXPRESSREPARATUR<\/h5>\n\n\n\n<hr class=\"wp-block-separator\"\/>\n\n\n\n<p>Wir beginnen sofort mit der Arbeit an Ihrem Ger\u00e4t und k\u00f6nnen\n stolz darauf sein, dass die meisten Reparaturen in weniger als 20 \nMinuten abgeschlossen sind.<\/p>\n<\/div>\n\n\n\n<div class=\"wp-block-column is-layout-flow wp-block-column-is-layout-flow\">\n<div class=\"wp-block-image\"><figure class=\"aligncenter\"><img decoding=\"async\" src=\"https:\/\/web.ifix.at\/wp-content\/uploads\/2019\/02\/garantie-1.png\" alt=\"iFix.at - iPhone und iPad Reparatur Service\" class=\"wp-image-484\"\/><\/figure><\/div>\n\n\n\n<h5 class=\"wp-block-heading\" style=\"text-align:center\">GARANTIE<\/h5>\n\n\n\n<hr class=\"wp-block-separator\"\/>\n\n\n\n<p>Sie erhalten auf jede Display und Akku Reparatur eine Garantie von 6 Monaten.  <br>Eine lebenslange Garantie erhalten Sie auf unsere anderen verbauten Teile. <\/p>\n\n\n\n<p><\/p>\n<\/div>\n<\/div>\n","protected":false},"excerpt":{"rendered":"<p>iPhone 8 Plus Reparatur Das iPhone 8 Plus besitzt eine gr\u00f6\u00dfere Bildschirmdiagonale von 5,5\u2033, mit der Full-HD-Aufl\u00f6sung 1920&nbsp;\u00d7&nbsp;1080 Pixel (entspricht 401&nbsp;ppi). Die Geh\u00e4useabmessungen (H&nbsp;\u00d7&nbsp;B&nbsp;\u00d7&nbsp;T) betragen 158,4&nbsp;mm&nbsp;\u00d7 78,1&nbsp;mm&nbsp;\u00d7 7,5&nbsp;mm. Es verf\u00fcgt \u00fcber 3 Gigabyte RAM. Die Akkulaufzeit ist l\u00e4nger als beim iPhone 8. Nach Angaben von Apple betr\u00e4gt sie bis zu 21 Stunden Gespr\u00e4chsdauer (im 3G-Netz), [&hellip;]<\/p>\n","protected":false},"author":4,"featured_media":81,"parent":0,"menu_order":0,"comment_status":"closed","ping_status":"closed","template":"","meta":{"footnotes":""},"class_list":["post-490","page","type-page","status-publish","has-post-thumbnail","hentry"],"yoast_head":"<!-- This site is optimized with the Yoast SEO plugin v27.5 - https:\/\/yoast.com\/product\/yoast-seo-wordpress\/ -->\n<title>iPhone 8 Plus &#8226; iFix.at \u2022 Nr1.iPhone Service und Reparaturen in Wien 1010<\/title>\n<meta name=\"description\" content=\"iPhone 8 plus Reparatur \u2713 \u25b7 iPhone Reparaturen \u25b719 Jahre Erfahrung \u271aschnell und zuverl\u00e4ssig \u271a Express \u25b7 iPhone &amp; iPad Reparatur in Wien 1010\" \/>\n<meta name=\"robots\" content=\"index, follow, max-snippet:-1, max-image-preview:large, max-video-preview:-1\" \/>\n<link rel=\"canonical\" href=\"https:\/\/web.ifix.at\/de\/iphone-8-plus-reparatur\/\" \/>\n<meta property=\"og:locale\" content=\"de_DE\" \/>\n<meta property=\"og:type\" content=\"article\" \/>\n<meta property=\"og:title\" content=\"iPhone 8 Plus &#8226; iFix.at \u2022 Nr1.iPhone Service und Reparaturen in Wien 1010\" \/>\n<meta property=\"og:description\" content=\"iPhone 8 plus Reparatur \u2713 \u25b7 iPhone Reparaturen \u25b719 Jahre Erfahrung \u271aschnell und zuverl\u00e4ssig \u271a Express \u25b7 iPhone &amp; iPad Reparatur in Wien 1010\" \/>\n<meta property=\"og:url\" content=\"https:\/\/web.ifix.at\/de\/iphone-8-plus-reparatur\/\" \/>\n<meta property=\"og:site_name\" content=\"iFix.at\" \/>\n<meta property=\"article:publisher\" content=\"https:\/\/www.facebook.com\/pages\/category\/Business-Service\/iFixat-deine-Handywerkstatt-1599555726993076\/\" \/>\n<meta name=\"twitter:card\" content=\"summary_large_image\" \/>\n<meta name=\"twitter:label1\" content=\"Gesch\u00e4tzte Lesezeit\" \/>\n\t<meta name=\"twitter:data1\" content=\"1 Minute\" \/>\n<script type=\"application\/ld+json\" class=\"yoast-schema-graph\">{\"@context\":\"https:\\\/\\\/schema.org\",\"@graph\":[{\"@type\":\"WebPage\",\"@id\":\"https:\\\/\\\/web.ifix.at\\\/iphone-8-plus-reparatur\",\"url\":\"https:\\\/\\\/web.ifix.at\\\/iphone-8-plus-reparatur\",\"name\":\"iPhone 8 Plus &#8226; iFix.at \u2022 Nr1.iPhone Service und Reparaturen in Wien 1010\",\"isPartOf\":{\"@id\":\"https:\\\/\\\/web.ifix.at\\\/#website\"},\"primaryImageOfPage\":{\"@id\":\"https:\\\/\\\/web.ifix.at\\\/iphone-8-plus-reparatur#primaryimage\"},\"image\":{\"@id\":\"https:\\\/\\\/web.ifix.at\\\/iphone-8-plus-reparatur#primaryimage\"},\"thumbnailUrl\":\"\",\"datePublished\":\"2019-02-25T12:14:31+00:00\",\"description\":\"iPhone 8 plus Reparatur \u2713 \u25b7 iPhone Reparaturen \u25b719 Jahre Erfahrung \u271aschnell und zuverl\u00e4ssig \u271a Express \u25b7 iPhone & iPad Reparatur in Wien 1010\",\"inLanguage\":\"de-AT\",\"potentialAction\":[{\"@type\":\"ReadAction\",\"target\":[\"https:\\\/\\\/web.ifix.at\\\/iphone-8-plus-reparatur\"]}]},{\"@type\":\"ImageObject\",\"inLanguage\":\"de-AT\",\"@id\":\"https:\\\/\\\/web.ifix.at\\\/iphone-8-plus-reparatur#primaryimage\",\"url\":\"\",\"contentUrl\":\"\"},{\"@type\":\"WebSite\",\"@id\":\"https:\\\/\\\/web.ifix.at\\\/#website\",\"url\":\"https:\\\/\\\/web.ifix.at\\\/\",\"name\":\"iFix.at\",\"description\":\"Express iPhone - iPad - Smartphone Reparaturen in 1010 Wien\",\"publisher\":{\"@id\":\"https:\\\/\\\/web.ifix.at\\\/#organization\"},\"potentialAction\":[{\"@type\":\"SearchAction\",\"target\":{\"@type\":\"EntryPoint\",\"urlTemplate\":\"https:\\\/\\\/web.ifix.at\\\/?s={search_term_string}\"},\"query-input\":{\"@type\":\"PropertyValueSpecification\",\"valueRequired\":true,\"valueName\":\"search_term_string\"}}],\"inLanguage\":\"de-AT\"},{\"@type\":\"Organization\",\"@id\":\"https:\\\/\\\/web.ifix.at\\\/#organization\",\"name\":\"iFix\",\"url\":\"https:\\\/\\\/web.ifix.at\\\/\",\"logo\":{\"@type\":\"ImageObject\",\"inLanguage\":\"de-AT\",\"@id\":\"https:\\\/\\\/web.ifix.at\\\/#\\\/schema\\\/logo\\\/image\\\/\",\"url\":\"https:\\\/\\\/web.ifix.at\\\/wp-content\\\/uploads\\\/2020\\\/12\\\/logo-transparent.png\",\"contentUrl\":\"https:\\\/\\\/web.ifix.at\\\/wp-content\\\/uploads\\\/2020\\\/12\\\/logo-transparent.png\",\"width\":1949,\"height\":500,\"caption\":\"iFix\"},\"image\":{\"@id\":\"https:\\\/\\\/web.ifix.at\\\/#\\\/schema\\\/logo\\\/image\\\/\"},\"sameAs\":[\"https:\\\/\\\/www.facebook.com\\\/pages\\\/category\\\/Business-Service\\\/iFixat-deine-Handywerkstatt-1599555726993076\\\/\",\"https:\\\/\\\/www.instagram.com\\\/ifixvienna\\\/\",\"https:\\\/\\\/www.linkedin.com\\\/in\\\/ifix-wien-a7a997100\\\/\",\"https:\\\/\\\/www.youtube.com\\\/channel\\\/UCTYIels_GZ7WHS9yFyShrlQ\"]}]}<\/script>\n<!-- \/ Yoast SEO plugin. -->","yoast_head_json":{"title":"iPhone 8 Plus &#8226; iFix.at \u2022 Nr1.iPhone Service und Reparaturen in Wien 1010","description":"iPhone 8 plus Reparatur \u2713 \u25b7 iPhone Reparaturen \u25b719 Jahre Erfahrung \u271aschnell und zuverl\u00e4ssig \u271a Express \u25b7 iPhone & iPad Reparatur in Wien 1010","robots":{"index":"index","follow":"follow","max-snippet":"max-snippet:-1","max-image-preview":"max-image-preview:large","max-video-preview":"max-video-preview:-1"},"canonical":"https:\/\/web.ifix.at\/de\/iphone-8-plus-reparatur\/","og_locale":"de_DE","og_type":"article","og_title":"iPhone 8 Plus &#8226; iFix.at \u2022 Nr1.iPhone Service und Reparaturen in Wien 1010","og_description":"iPhone 8 plus Reparatur \u2713 \u25b7 iPhone Reparaturen \u25b719 Jahre Erfahrung \u271aschnell und zuverl\u00e4ssig \u271a Express \u25b7 iPhone & iPad Reparatur in Wien 1010","og_url":"https:\/\/web.ifix.at\/de\/iphone-8-plus-reparatur\/","og_site_name":"iFix.at","article_publisher":"https:\/\/www.facebook.com\/pages\/category\/Business-Service\/iFixat-deine-Handywerkstatt-1599555726993076\/","twitter_card":"summary_large_image","twitter_misc":{"Gesch\u00e4tzte Lesezeit":"1 Minute"},"schema":{"@context":"https:\/\/schema.org","@graph":[{"@type":"WebPage","@id":"https:\/\/web.ifix.at\/iphone-8-plus-reparatur","url":"https:\/\/web.ifix.at\/iphone-8-plus-reparatur","name":"iPhone 8 Plus &#8226; iFix.at \u2022 Nr1.iPhone Service und Reparaturen in Wien 1010","isPartOf":{"@id":"https:\/\/web.ifix.at\/#website"},"primaryImageOfPage":{"@id":"https:\/\/web.ifix.at\/iphone-8-plus-reparatur#primaryimage"},"image":{"@id":"https:\/\/web.ifix.at\/iphone-8-plus-reparatur#primaryimage"},"thumbnailUrl":"","datePublished":"2019-02-25T12:14:31+00:00","description":"iPhone 8 plus Reparatur \u2713 \u25b7 iPhone Reparaturen \u25b719 Jahre Erfahrung \u271aschnell und zuverl\u00e4ssig \u271a Express \u25b7 iPhone & iPad Reparatur in Wien 1010","inLanguage":"de-AT","potentialAction":[{"@type":"ReadAction","target":["https:\/\/web.ifix.at\/iphone-8-plus-reparatur"]}]},{"@type":"ImageObject","inLanguage":"de-AT","@id":"https:\/\/web.ifix.at\/iphone-8-plus-reparatur#primaryimage","url":"","contentUrl":""},{"@type":"WebSite","@id":"https:\/\/web.ifix.at\/#website","url":"https:\/\/web.ifix.at\/","name":"iFix.at","description":"Express iPhone - iPad - Smartphone Reparaturen in 1010 Wien","publisher":{"@id":"https:\/\/web.ifix.at\/#organization"},"potentialAction":[{"@type":"SearchAction","target":{"@type":"EntryPoint","urlTemplate":"https:\/\/web.ifix.at\/?s={search_term_string}"},"query-input":{"@type":"PropertyValueSpecification","valueRequired":true,"valueName":"search_term_string"}}],"inLanguage":"de-AT"},{"@type":"Organization","@id":"https:\/\/web.ifix.at\/#organization","name":"iFix","url":"https:\/\/web.ifix.at\/","logo":{"@type":"ImageObject","inLanguage":"de-AT","@id":"https:\/\/web.ifix.at\/#\/schema\/logo\/image\/","url":"https:\/\/web.ifix.at\/wp-content\/uploads\/2020\/12\/logo-transparent.png","contentUrl":"https:\/\/web.ifix.at\/wp-content\/uploads\/2020\/12\/logo-transparent.png","width":1949,"height":500,"caption":"iFix"},"image":{"@id":"https:\/\/web.ifix.at\/#\/schema\/logo\/image\/"},"sameAs":["https:\/\/www.facebook.com\/pages\/category\/Business-Service\/iFixat-deine-Handywerkstatt-1599555726993076\/","https:\/\/www.instagram.com\/ifixvienna\/","https:\/\/www.linkedin.com\/in\/ifix-wien-a7a997100\/","https:\/\/www.youtube.com\/channel\/UCTYIels_GZ7WHS9yFyShrlQ"]}]}},"_links":{"self":[{"href":"https:\/\/web.ifix.at\/de\/wp-json\/wp\/v2\/pages\/490","targetHints":{"allow":["GET"]}}],"collection":[{"href":"https:\/\/web.ifix.at\/de\/wp-json\/wp\/v2\/pages"}],"about":[{"href":"https:\/\/web.ifix.at\/de\/wp-json\/wp\/v2\/types\/page"}],"author":[{"embeddable":true,"href":"https:\/\/web.ifix.at\/de\/wp-json\/wp\/v2\/users\/4"}],"replies":[{"embeddable":true,"href":"https:\/\/web.ifix.at\/de\/wp-json\/wp\/v2\/comments?post=490"}],"version-history":[{"count":0,"href":"https:\/\/web.ifix.at\/de\/wp-json\/wp\/v2\/pages\/490\/revisions"}],"wp:featuredmedia":[{"embeddable":true,"href":"https:\/\/web.ifix.at\/de\/wp-json\/wp\/v2\/pages\/81"}],"wp:attachment":[{"href":"https:\/\/web.ifix.at\/de\/wp-json\/wp\/v2\/media?parent=490"}],"curies":[{"name":"wp","href":"https:\/\/api.w.org\/{rel}","templated":true}]}}